{"id":5290,"date":"2023-10-31T10:54:24","date_gmt":"2023-10-31T09:54:24","guid":{"rendered":"https:\/\/pulainfo.hr\/?post_type=informations&#038;p=5290"},"modified":"2025-07-25T13:45:08","modified_gmt":"2025-07-25T11:45:08","slug":"izjava-o-zastiti-osobnih-podataka-turisticke-zajednice-grada-pule","status":"publish","type":"informations","link":"https:\/\/pulainfo.hr\/hr\/informations\/izjava-o-zastiti-osobnih-podataka-turisticke-zajednice-grada-pule\/","title":{"rendered":"Izjava o za\u0161titi osobnih podataka Turisti\u010dke zajednice grada Pule"},"content":{"rendered":"<p>Ova Izjava o za\u0161titi osobnih podataka Turisti\u010dke zajednice grada Pule, Pula, Forum 3, OIB 70023627782, zastupano po direktorici g\u0111i. Sanja Cinkopan Korotaj, kao Voditelj obrade, izra\u0111ena je sukladno Op\u0107oj Uredbi (EU) broja 2016\/679 Europskog parlamenta i vije\u0107a od dana 27. travnja 2016. godine, a koja se primjenjuje od 25. svibnja 2018. godine.<\/p>\n<p>Voditelj obrade s Va\u0161im \u0107e osobnim podacima postupati sukladno Op\u0107oj uredbi (EU) 2016\/679 o za\u0161titi pojedinaca u vezi s obradom osobnih podatka i slobodnom kretanju takvih podatka, Zakonu o provedbi op\u0107e uredbe o za\u0161titi osobnih podataka odnosno drugim nacionalnim zakonom temeljenom na predmetnoj Uredbi uz primjenu odgovaraju\u0107ih tehni\u010dkih i sigurnosnih mjera za\u0161tite osobnih podataka od neovla\u0161tenog pristupa, zlouporabe, otkrivanja, gubitka ili uni\u0161tenja.<\/p>\n<h2>1. Op\u0107i podaci<\/h2>\n<p>Ova Izjava opisuje koje podatke prikupljamo, na koji ih na\u010din obra\u0111ujemo te u koje ih svrhe upotrebljavamo, kao i va\u0161a prava povezana s va\u0161im podacima.<\/p>\n<p>Za obradu podataka odgovorna je:<br \/>\nTuristi\u010dka zajednica grada Pule, Pula, Forum 3, OIB 70023627782, (Voditelj obrade)<\/p>\n<p>Kontakt podaci putem kojih se mogu dobiti sve informacije u vezi obrade i kori\u0161tenja osobnih podataka su:<\/p>\n<ul>\n<li>adresa: Pula, Forum 3<\/li>\n<\/ul>\n<p>Slu\u017ebenik za za\u0161titu osobnih podataka je Odvjetni\u010dko dru\u0161tvo ZAGOR\u0160\u0106AK&amp;PARTNERI d.o.o. Zagreb, Radni\u010dka cesta 52.,<br \/>\nKontakt:<br \/>\ne mail adresa: <a href=\"mailto:odvjetnik.zagorscak@os.t-com.hr\">odvjetnik.zagorscak@os.t-com.hr<\/a><br \/>\nmobitel: +385 91 2017886<\/p>\n<h2>2. Vrste osobnih podataka koji se obra\u0111uju<\/h2>\n<p><strong>Zaposlenici<\/strong><br \/>\nVoditelj obrade obra\u0111uje Va\u0161e osobne podatke:<\/p>\n<ul>\n<li>ime i prezime, JMBG, OIB, prebivali\u0161te ili boravi\u0161te, stupanj obrazovanja, spol, datum ro\u0111enja, broj teku\u0107eg<br \/>\nra\u010duna, ime i prezime, adresa i OIB djeteta, ime i prezime, adresa i OIB bra\u010dnog druga<\/li>\n<\/ul>\n<p><strong>Turisti\u010dko vije\u0107e i ostala tijela TZ<\/strong><br \/>\nVoditelj obrade obra\u0111uje Va\u0161e osobne podatke:<\/p>\n<ul>\n<li>ime i prezime, OIB, adresa, e mail adresa, broj tel\/mob, bankovni ra\u010dun<\/li>\n<\/ul>\n<p><strong>Iznajmljiva\u010di privatnog smje\u0161taja i ku\u0107e za odmor gra\u0111ana<\/strong><br \/>\nVoditelj obrade obra\u0111uje Va\u0161e osobne podatke:<\/p>\n<ul>\n<li>ime i prezime, OIB, adresa, e mail adresa, broj tel\/mob<\/li>\n<\/ul>\n<p><strong>Studenti\/u\u010denici<\/strong><br \/>\nVoditelj obrade obra\u0111uje Va\u0161e osobne podatke:<\/p>\n<ul>\n<li>ime i prezime, datum ro\u0111enja, JMBG, OIB, prebivali\u0161te ili boravi\u0161te, podaci o poha\u0111anju \u0161kole ili fakulteta, obrazovanje, spol, broj bankovnog ra\u010duna, suglasnost roditelja<\/li>\n<\/ul>\n<p><strong>Korisnici osnovne djelatnosti voditelja obrade<\/strong><br \/>\nVoditelj obrade obra\u0111uje Va\u0161e osobne podatke:<\/p>\n<ul>\n<li>ime i prezime, OIB, adresa, broj telefona, e mail adresa, dr\u017eavljanstvo, vrsta i broj isprave o identitetu, i ostali podaci iz slu\u017ebene nacionalne aplikacije E-visitora<\/li>\n<\/ul>\n<p><strong>Tre\u0107e osobe<\/strong><br \/>\nVoditelj obrade obra\u0111uje Va\u0161e osobne podatke:<\/p>\n<ul>\n<li>taksisti, medari, vinari, maslinari, turisti\u010dki vodi\u010di, ugostiteljski objekti i sli\u010dno &#8211; ime i prezime, broj telefona, e-mail adresa<\/li>\n<\/ul>\n<p>Voditelj obrade prikuplja i obra\u0111uje navedene osobne podatke u svrhu zasnivanja radnog odnosa i ostvarivanja prava i obveza koja iz njega proizlaze, rada \u010dlanova turisti\u010dkog vije\u0107a i ostalih stru\u010dnih tijela, isplata svih vrsta naknada, izvr\u0161enja osnovne djelatnosti Voditelja obrade, i sli\u010dno.<\/p>\n<h2>3. Pravna osnova i svrhe obrade osobnih podataka<\/h2>\n<p>Sve vrste va\u0161ih osobnih podataka obra\u0111uju se temeljem:<\/p>\n<p>a) Zakonskih obveza \u2013 Va\u0161e osobne podatke obra\u0111ujemo u skladu s va\u017ee\u0107im propisima, kao i radi<br \/>\nobavje\u0161tavanja i prijava koja smo du\u017eni vr\u0161iti prema va\u017ee\u0107im propisima<\/p>\n<p>b) Realizacija ugovora osobne podatke obra\u0111ujemo u svrhu realizacije ugovora i ispunjenja ugovornih obveza<br \/>\nkoje smo ugovorili<\/p>\n<p>c) Legitimnog interesa Voditelja obrade<\/p>\n<p>d) Privole<\/p>\n<p>U sklopu poslovnog odnosa, du\u017eni ste na raspolaganje staviti osobne podatke koji su nu\u017eni za zasnivanje i realizaciju poslovnog odnosa te ispunjavanje povezanih ugovornih obveza ili za \u010dije prikupljanje postoji obveza. Bez tih podataka smo u pravilu prisiljeni odbiti zaklju\u010divanje ugovora ili provedbu naloga ili obustaviti provedbu te raskinuti postoje\u0107i ugovor. Niste du\u017eni dati svoju privolu na obradu podataka koji nisu relevantni ili zakonom propisani za izvr\u0161avanje ugovora.<\/p>\n<h2>4. Razdoblje \u010duvanja<\/h2>\n<p>Osobni podaci se \u010duvaju, arhiviraju i izlu\u010duju sukladno zakonskim i ostalim propisima, op\u0107em aktu i odlukama Voditelja obrade.<\/p>\n<p>Va\u0161e osnovne osobne podatke bri\u0161emo po isteku svih zakonskih obveza povezanih s \u010duvanjem osobnih podataka.<\/p>\n<h2>5. Upravljanje privolama<\/h2>\n<p>Privolu mo\u017eete opozvati u bilo kojem trenutku. Isto tako, mo\u017eete u bilo kojem trenutku prigovoriti na\u0161oj obradi va\u0161ih osobnih podataka.<br \/>\nPromjenu privole (potpuni ili djelomi\u010dni opoziv, odnosno ponovno davanje privole) mo\u017eete izvr\u0161iti na na\u010din da nam se obratite putem:<\/p>\n<ul>\n<li>e-maila: <a href=\"mailto:info@pulainfo.hr\">info@pulainfo.hr<\/a>\u00a0ili<\/li>\n<li>putem po\u0161te na adresu: Turisti\u010dka zajednica grada Pule, Pula, Forum 3, OIB 70023627782<\/li>\n<\/ul>\n<p>Ako ponovno \u017eelite dati svoju privolu, to mo\u017eete u\u010diniti na isti na\u010din kao i kod opoziva iste.<\/p>\n<p>U slu\u010daju obrade va\u0161ih osobnih podataka za koje nije potrebna privola, a koja je nu\u017ena za zaklju\u010denje ugovora s nama ili ispunjenje zaklju\u010denog ugovora ili zbog obveza koje imamo prema zakonu, ako nam ne dostavite te podatke ne\u0107emo biti u stanju ispuniti svoje ugovorne obveze prema vama niti \u0107emo mo\u0107i s vama zaklju\u010diti ugovor.<\/p>\n<h2>6. Prava ispitanika<\/h2>\n<p>a) pravo na informaciju o obradi osobnih podataka<\/p>\n<p>b) Pravo na ispravak: Ako obra\u0111ujemo va\u0161e osobne podatke koji su nepotpuni ili neto\u010dni, u bilo kojem trenutku od<br \/>\nnas mo\u017eete zatra\u017eiti da ih ispravimo ili dopunimo.<\/p>\n<p>c) Pravo na brisanje: Od nas mo\u017eete zatra\u017eiti brisanje svojih osobnih podataka ako smo ih obra\u0111ivali protupravno ili ta obrada predstavlja nerazmjerno zadiranje u va\u0161e za\u0161ti\u0107ene interese. Molimo da uzmete u obzir da postoje razlozi koji onemogu\u0107uju trenuta\u010dno brisanje, primjerice kod zakonski propisanih obveza arhiviranja.<\/p>\n<p>d) Pravo na ograni\u010denje distribucije: Od nas mo\u017eete zatra\u017eiti ograni\u010denje distribucije svojih podataka:<\/p>\n<ul>\n<li>ako osporite to\u010dnost podataka tijekom perioda koji nam omogu\u0107ava provjeru to\u010dnosti tih podataka<\/li>\n<li>ako je obrada podataka bila protupravna, ali odbijate brisanje i umjesto toga tra\u017eite ograni\u010denje kori\u0161tenja podacima<\/li>\n<li>ako nam podaci vi\u0161e nisu potrebni za predvi\u0111ene svrhe, ali su vam jo\u0161 potrebni radi ostvarenja pravnih zahtjeva ili<\/li>\n<li>ako ste podnijeli prigovor zbog distribucije tih podataka<\/li>\n<\/ul>\n<p>e) Pravo na mogu\u0107nost prijenosa podataka: Od nas mo\u017eete zatra\u017eiti da vam podatke koje ste nam povjerili radi arhiviranja dostavimo u strukturiranom obliku, u uobi\u010dajenom strojno \u010ditljivom formatu:<\/p>\n<ul>\n<li>ako te podatke obra\u0111ujemo na temelju suglasnosti koju ste nam dali i koju mo\u017eete opozvati ili radi ispunjenja na\u0161eg ugovora i<\/li>\n<li>ako se obrada vr\u0161i s pomo\u0107u automatiziranih procesa.<\/li>\n<\/ul>\n<p>f) Pravo na prigovor: Ako va\u0161e podatke distribuiramo radi izvr\u0161enja zada\u0107a od javnog interesa ili zada\u0107a javnih tijela ili se prilikom njihove obrade pozivamo na na\u0161e legitimne interese, mo\u017eete podnijeti prigovor protiv takve obrade podataka ako postoji interes za\u0161tite va\u0161ih podataka.<\/p>\n<p>g) Pravo na \u017ealbu: Ako ste mi\u0161ljenja da smo prilikom obrade va\u0161ih podataka prekr\u0161ili hrvatske ili europske propise o za\u0161titi podataka, molimo da nam se obratite kako bismo razjasnili eventualna pitanja. Svakako imate pravo ulo\u017eiti pritu\u017ebu hrvatskoj Agenciji za za\u0161titu podataka, odnosno u slu\u010daju promjene va\u017ee\u0107ih propisa drugom tijelu koje \u0107e preuzeti njenu nadle\u017enost, a od 25. svibnja 2018. godine i nadzornom tijelu unutar EU-a.<\/p>\n<p>h) Ostvarivanje prava: Ako \u017eelite ostvariti neko od navedenih prava, obratite nam se koriste\u0107i se na\u0161im podacima za kontakt iz \u010dlanka 1. ove Izjave.<\/p>\n<p>i) Potvrda identiteta: U slu\u010daju dvojbe mo\u017eemo zatra\u017eiti dodatne informacije radi provjere va\u0161eg identiteta, to slu\u017ei za\u0161titi va\u0161ih prava i privatne sfere.<\/p>\n<p>j) Zlouporaba prava: Ako biste se nekim od navedenih prava koristili pre\u010desto i s o\u010ditom namjerom zlouporabe, mo\u017eemo naplatiti administrativnu pristojbu ili odbiti obraditi va\u0161 zahtjev<\/p>\n<p>k) Pravo na ograni\u010denje obrade:<br \/>\nMo\u017eete zatra\u017eiti ograni\u010denje obrade svojih podataka:<\/p>\n<ul>\n<li>ako osporite to\u010dnost podataka tijekom perioda koji nam omogu\u0107ava provjeru to\u010dnosti tih podataka<\/li>\n<li>ako je obrada podataka bila protupravna, ali odbijate brisanje i umjesto toga tra\u017eite ograni\u010denje kori\u0161tenja<br \/>\npodacima<\/li>\n<li>ako nam podaci vi\u0161e nisu potrebni za predvi\u0111ene svrhe, ali su vam jo\u0161 potrebni radi ostvarenja pravnih zahtjeva ili ako je podnesen prigovor zbog obrade tih podataka<\/li>\n<\/ul>\n<h2>7. Prijenos podataka tre\u0107im osobama<\/h2>\n<p>Obvezujemo se \u010duvati Va\u0161e osobne podatke i ne\u0107emo ih priop\u0107avati, odnosno u\u010diniti dostupnim tre\u0107im osobama osim u sljede\u0107im slu\u010dajevima:<\/p>\n<ul>\n<li>ako izri\u010dito pisanim putem pristanete da se priop\u0107e pojedini povjerljivi podaci za odre\u0111enu namjenu ili odre\u0111enoj osobi<\/li>\n<li>ako su podaci potrebni Ministarstvu unutarnjih poslova ili nadle\u017enom dr\u017eavnom odvjetni\u0161tvu za potrebe obavljanja poslova iz njihove nadle\u017enosti<\/li>\n<li>ako su podaci potrebni sudu, odvjetnicima ili javnom bilje\u017eniku za postupak koji vode, a predo\u010denje tih podataka zahtijeva pisanim putem<\/li>\n<li>ako su ti podaci potrebni poreznoj upravi, Zavodu za mirovinsko i zdravstveno osiguranje, a sve temeljem zakonskih obaveza koje imamo prema istima<\/li>\n<li>ako su ti podaci potrebni Ministarstvu financija odnosno poreznom tijelu u postupku koji ono provodi u okviru svojih nadle\u017enosti<\/li>\n<\/ul>\n<h2>8. Prijenos osobnih podataka u tre\u0107e zemlje<\/h2>\n<p>Prijenos podataka u tre\u0107e zemlje (zemlje izvan EU) se obavlja samo:<\/p>\n<ul>\n<li>ako postoji zakonska obveza<\/li>\n<li>ako je dan izri\u010diti pristanak na prijenos podataka od strane ispitanika<\/li>\n<\/ul>\n<h2>9. Tehni\u010dke i organizacijske mjere<\/h2>\n<p>Poduzeli smo sve tehni\u010dke i organizacijske mjere kako bismo va\u0161e podatke za\u0161titili od gubitka, izmjena, ili pristupa tre\u0107e strane, te u slu\u010daju bilo kakvih pitana slobodno nas kontaktirajte te \u0107emo Vam u najkra\u0107em mogu\u0107em roku odgovoriti na va\u0161e zahtjeve, molbe nedoumice te Vam pomo\u0107i u ostvarivanju Va\u0161ih prava.<\/p>\n<p>Bilo kakve promjene u vezi na\u0161e politike za\u0161tite osobnih podataka bit \u0107e objavljene u izjavi o za\u0161titi osobnih podataka, na na\u0161im Internet stranicama, te \u0107ete o istima biti na adekvatan na\u010din obavije\u0161teni.<\/p>\n<h2>10. Osobni podaci na internetskim stranicama<\/h2>\n<p>Prikupljamo samo one osobne podatke koje nam posjetitelji na\u0161e slu\u017ebene internetske stranice dobrovoljno stavljaju na raspolaganje prilikom podno\u0161enja zahtjeva za kontaktom, natjecanja za posao, usluga povratnog poziva, i ispunjavanja obrasca za pritu\u017ebe. Ovi osobni podaci koriste se povjerljivo i samo u odre\u0111enu svrhu.<\/p>\n<p>Prijenos ovih osobnih podataka tre\u0107im stranama se ne provodi, izuzev ako postoji zakonska obveza ili nalog slu\u017ebenog tijela, kada se ti osobni podatci mogu proslijediti nadle\u017enom tijelu. Pristup internetskoj stranici se protokolira te se tom prilikom bilje\u017ee tehni\u010dki podaci kao \u0161to su posje\u0107enost stranice, operacijski sustav koji se pritom koristi, razlu\u010divost zaslona, vrijeme posjeta i veli\u010dina prenesenih podataka.<\/p>\n<p>Radi unaprje\u0111enja na\u0161e ponude, internetske stranice mogu sadr\u017eavati &#8216;kola\u010di\u0107e&#8217; koji se pohranjuju na ra\u010dunalu posjetitelja stranice. Pohranu &#8216;kola\u010di\u0107a&#8217; mogu\u0107e je i sprije\u010diti, no s tim u vezi mogu\u0107a je i ograni\u010dena ponuda internetske stranice. &#8216;Kola\u010di\u0107i&#8217; daju mogu\u0107nost pohranjivanja karakteristi\u010dnih preferencija posjetitelja internetskih stranica, optimiziranja tehni\u010dkih procesa i kontinuiranog pobolj\u0161avanja ponude.<\/p>\n","protected":false},"excerpt":{"rendered":"<p>Ova Izjava o za\u0161titi osobnih podataka Turisti\u010dke zajednice grada Pule, Pula, Forum 3, OIB 70023627782, &#8230;<\/p>\n","protected":false},"author":3,"featured_media":0,"template":"","informations_categories":[],"class_list":["post-5290","informations","type-informations","status-publish","hentry"],"acf":[],"yoast_head":"<!-- This site is optimized with the Yoast SEO plugin v27.4 - https:\/\/yoast.com\/product\/yoast-seo-wordpress\/ -->\n<title>Izjava o za\u0161titi osobnih podataka Turisti\u010dke zajednice grada Pule - Tourism Office Pula<\/title>\n<meta name=\"robots\" content=\"index, follow, max-snippet:-1, max-image-preview:large, max-video-preview:-1\" \/>\n<link rel=\"canonical\" href=\"https:\/\/pulainfo.hr\/hr\/informations\/izjava-o-zastiti-osobnih-podataka-turisticke-zajednice-grada-pule\/\" \/>\n<meta property=\"og:locale\" content=\"hr_HR\" \/>\n<meta property=\"og:type\" content=\"article\" \/>\n<meta property=\"og:title\" content=\"Izjava o za\u0161titi osobnih podataka Turisti\u010dke zajednice grada Pule - Tourism Office Pula\" \/>\n<meta property=\"og:description\" content=\"Ova Izjava o za\u0161titi osobnih podataka Turisti\u010dke zajednice grada Pule, Pula, Forum 3, OIB 70023627782, ...\" \/>\n<meta property=\"og:url\" content=\"https:\/\/pulainfo.hr\/hr\/informations\/izjava-o-zastiti-osobnih-podataka-turisticke-zajednice-grada-pule\/\" \/>\n<meta property=\"og:site_name\" content=\"Tourism Office Pula\" \/>\n<meta property=\"article:modified_time\" content=\"2025-07-25T11:45:08+00:00\" \/>\n<meta name=\"twitter:card\" content=\"summary_large_image\" \/>\n<meta name=\"twitter:label1\" content=\"Procijenjeno vrijeme \u010ditanja\" \/>\n\t<meta name=\"twitter:data1\" content=\"7 minuta\" \/>\n<script type=\"application\/ld+json\" class=\"yoast-schema-graph\">{\"@context\":\"https:\\\/\\\/schema.org\",\"@graph\":[{\"@type\":\"WebPage\",\"@id\":\"https:\\\/\\\/pulainfo.hr\\\/hr\\\/informations\\\/izjava-o-zastiti-osobnih-podataka-turisticke-zajednice-grada-pule\\\/\",\"url\":\"https:\\\/\\\/pulainfo.hr\\\/hr\\\/informations\\\/izjava-o-zastiti-osobnih-podataka-turisticke-zajednice-grada-pule\\\/\",\"name\":\"Izjava o za\u0161titi osobnih podataka Turisti\u010dke zajednice grada Pule - Tourism Office Pula\",\"isPartOf\":{\"@id\":\"https:\\\/\\\/pulainfo.hr\\\/#website\"},\"datePublished\":\"2023-10-31T09:54:24+00:00\",\"dateModified\":\"2025-07-25T11:45:08+00:00\",\"breadcrumb\":{\"@id\":\"https:\\\/\\\/pulainfo.hr\\\/hr\\\/informations\\\/izjava-o-zastiti-osobnih-podataka-turisticke-zajednice-grada-pule\\\/#breadcrumb\"},\"inLanguage\":\"hr\",\"potentialAction\":[{\"@type\":\"ReadAction\",\"target\":[\"https:\\\/\\\/pulainfo.hr\\\/hr\\\/informations\\\/izjava-o-zastiti-osobnih-podataka-turisticke-zajednice-grada-pule\\\/\"]}]},{\"@type\":\"BreadcrumbList\",\"@id\":\"https:\\\/\\\/pulainfo.hr\\\/hr\\\/informations\\\/izjava-o-zastiti-osobnih-podataka-turisticke-zajednice-grada-pule\\\/#breadcrumb\",\"itemListElement\":[{\"@type\":\"ListItem\",\"position\":1,\"name\":\"Po\u010detna stranica\",\"item\":\"https:\\\/\\\/pulainfo.hr\\\/hr\\\/\"},{\"@type\":\"ListItem\",\"position\":2,\"name\":\"Informations\",\"item\":\"https:\\\/\\\/pulainfo.hr\\\/informations\\\/\"},{\"@type\":\"ListItem\",\"position\":3,\"name\":\"Izjava o za\u0161titi osobnih podataka Turisti\u010dke zajednice grada Pule\"}]},{\"@type\":\"WebSite\",\"@id\":\"https:\\\/\\\/pulainfo.hr\\\/#website\",\"url\":\"https:\\\/\\\/pulainfo.hr\\\/\",\"name\":\"Tourism Office Pula\",\"description\":\"Tourism Office Pula - Official web site\",\"publisher\":{\"@id\":\"https:\\\/\\\/pulainfo.hr\\\/#organization\"},\"potentialAction\":[{\"@type\":\"SearchAction\",\"target\":{\"@type\":\"EntryPoint\",\"urlTemplate\":\"https:\\\/\\\/pulainfo.hr\\\/?s={search_term_string}\"},\"query-input\":{\"@type\":\"PropertyValueSpecification\",\"valueRequired\":true,\"valueName\":\"search_term_string\"}}],\"inLanguage\":\"hr\"},{\"@type\":\"Organization\",\"@id\":\"https:\\\/\\\/pulainfo.hr\\\/#organization\",\"name\":\"Tourism Office Pula\",\"url\":\"https:\\\/\\\/pulainfo.hr\\\/\",\"logo\":{\"@type\":\"ImageObject\",\"inLanguage\":\"hr\",\"@id\":\"https:\\\/\\\/pulainfo.hr\\\/#\\\/schema\\\/logo\\\/image\\\/\",\"url\":\"https:\\\/\\\/pulainfo.hr\\\/wp-content\\\/uploads\\\/2023\\\/10\\\/logo.svg\",\"contentUrl\":\"https:\\\/\\\/pulainfo.hr\\\/wp-content\\\/uploads\\\/2023\\\/10\\\/logo.svg\",\"width\":171,\"height\":59,\"caption\":\"Tourism Office Pula\"},\"image\":{\"@id\":\"https:\\\/\\\/pulainfo.hr\\\/#\\\/schema\\\/logo\\\/image\\\/\"}}]}<\/script>\n<!-- \/ Yoast SEO plugin. -->","yoast_head_json":{"title":"Izjava o za\u0161titi osobnih podataka Turisti\u010dke zajednice grada Pule - Tourism Office Pula","robots":{"index":"index","follow":"follow","max-snippet":"max-snippet:-1","max-image-preview":"max-image-preview:large","max-video-preview":"max-video-preview:-1"},"canonical":"https:\/\/pulainfo.hr\/hr\/informations\/izjava-o-zastiti-osobnih-podataka-turisticke-zajednice-grada-pule\/","og_locale":"hr_HR","og_type":"article","og_title":"Izjava o za\u0161titi osobnih podataka Turisti\u010dke zajednice grada Pule - Tourism Office Pula","og_description":"Ova Izjava o za\u0161titi osobnih podataka Turisti\u010dke zajednice grada Pule, Pula, Forum 3, OIB 70023627782, ...","og_url":"https:\/\/pulainfo.hr\/hr\/informations\/izjava-o-zastiti-osobnih-podataka-turisticke-zajednice-grada-pule\/","og_site_name":"Tourism Office Pula","article_modified_time":"2025-07-25T11:45:08+00:00","twitter_card":"summary_large_image","twitter_misc":{"Procijenjeno vrijeme \u010ditanja":"7 minuta"},"schema":{"@context":"https:\/\/schema.org","@graph":[{"@type":"WebPage","@id":"https:\/\/pulainfo.hr\/hr\/informations\/izjava-o-zastiti-osobnih-podataka-turisticke-zajednice-grada-pule\/","url":"https:\/\/pulainfo.hr\/hr\/informations\/izjava-o-zastiti-osobnih-podataka-turisticke-zajednice-grada-pule\/","name":"Izjava o za\u0161titi osobnih podataka Turisti\u010dke zajednice grada Pule - Tourism Office Pula","isPartOf":{"@id":"https:\/\/pulainfo.hr\/#website"},"datePublished":"2023-10-31T09:54:24+00:00","dateModified":"2025-07-25T11:45:08+00:00","breadcrumb":{"@id":"https:\/\/pulainfo.hr\/hr\/informations\/izjava-o-zastiti-osobnih-podataka-turisticke-zajednice-grada-pule\/#breadcrumb"},"inLanguage":"hr","potentialAction":[{"@type":"ReadAction","target":["https:\/\/pulainfo.hr\/hr\/informations\/izjava-o-zastiti-osobnih-podataka-turisticke-zajednice-grada-pule\/"]}]},{"@type":"BreadcrumbList","@id":"https:\/\/pulainfo.hr\/hr\/informations\/izjava-o-zastiti-osobnih-podataka-turisticke-zajednice-grada-pule\/#breadcrumb","itemListElement":[{"@type":"ListItem","position":1,"name":"Po\u010detna stranica","item":"https:\/\/pulainfo.hr\/hr\/"},{"@type":"ListItem","position":2,"name":"Informations","item":"https:\/\/pulainfo.hr\/informations\/"},{"@type":"ListItem","position":3,"name":"Izjava o za\u0161titi osobnih podataka Turisti\u010dke zajednice grada Pule"}]},{"@type":"WebSite","@id":"https:\/\/pulainfo.hr\/#website","url":"https:\/\/pulainfo.hr\/","name":"Tourism Office Pula","description":"Tourism Office Pula - Official web site","publisher":{"@id":"https:\/\/pulainfo.hr\/#organization"},"potentialAction":[{"@type":"SearchAction","target":{"@type":"EntryPoint","urlTemplate":"https:\/\/pulainfo.hr\/?s={search_term_string}"},"query-input":{"@type":"PropertyValueSpecification","valueRequired":true,"valueName":"search_term_string"}}],"inLanguage":"hr"},{"@type":"Organization","@id":"https:\/\/pulainfo.hr\/#organization","name":"Tourism Office Pula","url":"https:\/\/pulainfo.hr\/","logo":{"@type":"ImageObject","inLanguage":"hr","@id":"https:\/\/pulainfo.hr\/#\/schema\/logo\/image\/","url":"https:\/\/pulainfo.hr\/wp-content\/uploads\/2023\/10\/logo.svg","contentUrl":"https:\/\/pulainfo.hr\/wp-content\/uploads\/2023\/10\/logo.svg","width":171,"height":59,"caption":"Tourism Office Pula"},"image":{"@id":"https:\/\/pulainfo.hr\/#\/schema\/logo\/image\/"}}]}},"_links":{"self":[{"href":"https:\/\/pulainfo.hr\/hr\/wp-json\/wp\/v2\/informations\/5290","targetHints":{"allow":["GET"]}}],"collection":[{"href":"https:\/\/pulainfo.hr\/hr\/wp-json\/wp\/v2\/informations"}],"about":[{"href":"https:\/\/pulainfo.hr\/hr\/wp-json\/wp\/v2\/types\/informations"}],"author":[{"embeddable":true,"href":"https:\/\/pulainfo.hr\/hr\/wp-json\/wp\/v2\/users\/3"}],"wp:attachment":[{"href":"https:\/\/pulainfo.hr\/hr\/wp-json\/wp\/v2\/media?parent=5290"}],"wp:term":[{"taxonomy":"informations_categories","embeddable":true,"href":"https:\/\/pulainfo.hr\/hr\/wp-json\/wp\/v2\/informations_categories?post=5290"}],"curies":[{"name":"wp","href":"https:\/\/api.w.org\/{rel}","templated":true}]}}